{"id":1117,"date":"2026-02-09T14:37:45","date_gmt":"2026-02-09T13:37:45","guid":{"rendered":"https:\/\/cpsantocristodesantiago.catedu.es\/?page_id=1117"},"modified":"2026-02-09T14:37:47","modified_gmt":"2026-02-09T13:37:47","slug":"coros-escolares","status":"publish","type":"page","link":"https:\/\/cpsantocristodesantiago.catedu.es\/?page_id=1117","title":{"rendered":"COROS ESCOLARES"},"content":{"rendered":"\n<p>El programa de \u00abCoros escolares\u00bb favorece la creaci\u00f3n de coros escolares, consolida y apoya los coros ya existentes y contribuye a la formaci\u00f3n continua del profesorado en materia de educaci\u00f3n de la voz.<\/p>\n\n\n\n<p>Nuestro centro lleva unos a\u00f1os participando en este programa. Desde el \u00e1rea de M\u00fasica, el alumnado de 4\u00ba de Primaria prepara un repertorio para ser representado para sus compa\u00f1eros y sus familias.<\/p>\n\n\n\n\n","protected":false},"excerpt":{"rendered":"<p>El programa de \u00abCoros escolares\u00bb favorece la creaci\u00f3n de coros escolares, consolida y apoya los coros ya existentes y contribuye a la formaci\u00f3n continua del profesorado en materia de educaci\u00f3n de la voz. Nuestro centro lleva unos a\u00f1os participando en este programa. Desde el \u00e1rea de M\u00fasica, el alumnado de 4\u00ba de Primaria prepara un &hellip; <\/p>\n<p><a class=\"more-link btn\" href=\"https:\/\/cpsantocristodesantiago.catedu.es\/?page_id=1117\">Seguir leyendo<\/a><\/p>\n","protected":false},"author":940,"featured_media":0,"parent":0,"menu_order":0,"comment_status":"closed","ping_status":"closed","template":"","meta":{"_uag_custom_page_level_css":"","_monsterinsights_skip_tracking":false,"_monsterinsights_sitenote_active":false,"_monsterinsights_sitenote_note":"","_monsterinsights_sitenote_category":0,"footnotes":""},"class_list":["post-1117","page","type-page","status-publish","hentry","nodate","item-wrap"],"uagb_featured_image_src":{"full":false,"thumbnail":false,"medium":false,"medium_large":false,"large":false,"1536x1536":false,"2048x2048":false,"graphene_slider":false,"graphene_featured_image":false,"graphene-homepage-pane":false,"post-thumbnail":false},"uagb_author_info":{"display_name":"ceipsantocristodesantiago","author_link":"https:\/\/cpsantocristodesantiago.catedu.es\/?author=940"},"uagb_comment_info":0,"uagb_excerpt":"El programa de \u00abCoros escolares\u00bb favorece la creaci\u00f3n de coros escolares, consolida y apoya los coros ya existentes y contribuye a la formaci\u00f3n continua del profesorado en materia de educaci\u00f3n de la voz. Nuestro centro lleva unos a\u00f1os participando en este programa. Desde el \u00e1rea de M\u00fasica, el alumnado de 4\u00ba de Primaria prepara un&hellip;","_links":{"self":[{"href":"https:\/\/cpsantocristodesantiago.catedu.es\/index.php?rest_route=\/wp\/v2\/pages\/1117","targetHints":{"allow":["GET"]}}],"collection":[{"href":"https:\/\/cpsantocristodesantiago.catedu.es\/index.php?rest_route=\/wp\/v2\/pages"}],"about":[{"href":"https:\/\/cpsantocristodesantiago.catedu.es\/index.php?rest_route=\/wp\/v2\/types\/page"}],"author":[{"embeddable":true,"href":"https:\/\/cpsantocristodesantiago.catedu.es\/index.php?rest_route=\/wp\/v2\/users\/940"}],"replies":[{"embeddable":true,"href":"https:\/\/cpsantocristodesantiago.catedu.es\/index.php?rest_route=%2Fwp%2Fv2%2Fcomments&post=1117"}],"version-history":[{"count":1,"href":"https:\/\/cpsantocristodesantiago.catedu.es\/index.php?rest_route=\/wp\/v2\/pages\/1117\/revisions"}],"predecessor-version":[{"id":1118,"href":"https:\/\/cpsantocristodesantiago.catedu.es\/index.php?rest_route=\/wp\/v2\/pages\/1117\/revisions\/1118"}],"wp:attachment":[{"href":"https:\/\/cpsantocristodesantiago.catedu.es\/index.php?rest_route=%2Fwp%2Fv2%2Fmedia&parent=1117"}],"curies":[{"name":"wp","href":"https:\/\/api.w.org\/{rel}","templated":true}]}}